{"id":2337,"date":"2021-05-11T14:40:26","date_gmt":"2021-05-11T12:40:26","guid":{"rendered":"https:\/\/www.slowshop.eu\/product\/passeport-du-pelerin\/"},"modified":"2026-04-14T17:02:13","modified_gmt":"2026-04-14T15:02:13","slug":"passeport-du-pelerin-via-francigena","status":"publish","type":"product","link":"https:\/\/www.slowshop.eu\/fr\/produit\/passeport-du-pelerin-via-francigena\/","title":{"rendered":"Passeport du P\u00e8lerin Via Francigena"},"content":{"rendered":"<h2>Passeport du p\u00e8lerin Via Francigena<\/h2>\n<p>Le titre du p\u00e8lerin repr\u00e9sente le \u00ab\u00a0passeport du p\u00e8lerin\u00a0\u00bb.<span style=\"font-variant-ligatures: normal; font-variant-caps: normal; orphans: 2; text-align: start; widows: 2; -webkit-text-stroke-width: 0px; text-decoration-thickness: initial; text-decoration-style: initial; text-decoration-color: initial; float: none; word-spacing: 0px;\">\u00a0<\/span><span id=\"s2_2\" style=\"text-decoration-line: none !important; text-decoration-thickness: initial; text-decoration-style: initial; text-decoration-color: initial; font-variant-ligatures: normal; font-variant-caps: normal; orphans: 2; text-align: start; widows: 2; -webkit-text-stroke-width: 0px; word-spacing: 0px;\">Il atteste l\u2019identit\u00e9 et les motivations du voyageur et est un instrument indispensable pendant le chemin.<\/span><br style=\"font-variant-ligatures: normal; font-variant-caps: normal; orphans: 2; text-align: start; widows: 2; -webkit-text-stroke-width: 0px; text-decoration-thickness: initial; text-decoration-style: initial; text-decoration-color: initial; word-spacing: 0px;\" \/><span id=\"s2_3\" style=\"text-decoration-line: none !important; text-decoration-thickness: initial; text-decoration-style: initial; text-decoration-color: initial; font-variant-ligatures: normal; font-variant-caps: normal; orphans: 2; text-align: start; widows: 2; -webkit-text-stroke-width: 0px; word-spacing: 0px;\">Le p\u00e8lerin doit l\u2019avoir avec lui pour \u00eatre identifi\u00e9 comme tel et il est n\u00e9cessaire d\u2019avoir l\u2019accr\u00e9ditation pour pouvoir acc\u00e9der aux structures d\u2019accueil pr\u00e9vues le long de l\u2019itin\u00e9raire.<\/span><br style=\"font-variant-ligatures: normal; font-variant-caps: normal; orphans: 2; text-align: start; widows: 2; -webkit-text-stroke-width: 0px; text-decoration-thickness: initial; text-decoration-style: initial; text-decoration-color: initial; word-spacing: 0px;\" \/><span id=\"s2_4\" style=\"text-decoration-line: none !important; text-decoration-thickness: initial; text-decoration-style: initial; text-decoration-color: initial; font-variant-ligatures: normal; font-variant-caps: normal; orphans: 2; text-align: start; widows: 2; -webkit-text-stroke-width: 0px; word-spacing: 0px;\">En outre, il permet de profiter des conventions avec les activit\u00e9s de restauration.<\/span><span style=\"font-variant-ligatures: normal; font-variant-caps: normal; orphans: 2; text-align: start; widows: 2; -webkit-text-stroke-width: 0px; text-decoration-thickness: initial; text-decoration-style: initial; text-decoration-color: initial; float: none; word-spacing: 0px;\">\u00a0<\/span><span id=\"s2_5\" style=\"text-decoration-line: none !important; text-decoration-thickness: initial; text-decoration-style: initial; text-decoration-color: initial; font-variant-ligatures: normal; font-variant-caps: normal; orphans: 2; text-align: start; widows: 2; -webkit-text-stroke-width: 0px; word-spacing: 0px;\">Dans certaines r\u00e9gions, les services de transport en commun sont \u00e9galement convenus.<\/span><br style=\"font-variant-ligatures: normal; font-variant-caps: normal; orphans: 2; text-align: start; widows: 2; -webkit-text-stroke-width: 0px; text-decoration-thickness: initial; text-decoration-style: initial; text-decoration-color: initial; word-spacing: 0px;\" \/><span id=\"s2_6\" style=\"text-decoration-line: none !important; text-decoration-thickness: initial; text-decoration-style: initial; text-decoration-color: initial; font-variant-ligatures: normal; font-variant-caps: normal; orphans: 2; text-align: start; widows: 2; -webkit-text-stroke-width: 0px; word-spacing: 0px;\">En remettant la lettre de cr\u00e9ance, dans chaque lieu o\u00f9 il est h\u00e9berg\u00e9, le p\u00e8lerin recevra un timbre, utile pour l\u2019ach\u00e8vement du chemin et n\u00e9cessaire pour demander le \u00ab\u00a0Testimonium\u00a0\u00bb (il faut avoir parcouru au moins les derniers 200km en v\u00e9lo ou 100km \u00e0 pied).<\/span><\/p>\n<p>De nombreuses structures accueillent les p\u00e8lerins en demandant une simple offre utile pour supporter les frais de gestion.<span style=\"font-variant-ligatures: normal; font-variant-caps: normal; orphans: 2; text-align: start; widows: 2; -webkit-text-stroke-width: 0px; text-decoration-thickness: initial; text-decoration-style: initial; text-decoration-color: initial; float: none; word-spacing: 0px;\">\u00a0<\/span><span id=\"s2_2\" style=\"text-decoration-line: none !important; text-decoration-thickness: initial; text-decoration-style: initial; text-decoration-color: initial; font-variant-ligatures: normal; font-variant-caps: normal; orphans: 2; text-align: start; widows: 2; -webkit-text-stroke-width: 0px; word-spacing: 0px;\">Dans d\u2019autres cas, des r\u00e9ductions sont g\u00e9n\u00e9ralement appliqu\u00e9es en ce qui concerne les structures d\u2019accueil, qui offrent plus de services, ou les transports en commun, comme les trains et les autobus.<\/span><br style=\"font-variant-ligatures: normal; font-variant-caps: normal; orphans: 2; text-align: start; widows: 2; -webkit-text-stroke-width: 0px; text-decoration-thickness: initial; text-decoration-style: initial; text-decoration-color: initial; word-spacing: 0px;\" \/><b><span id=\"s2_3\" style=\"text-decoration-line: none !important; text-decoration-thickness: initial; text-decoration-style: initial; text-decoration-color: initial; font-variant-ligatures: normal; font-variant-caps: normal; orphans: 2; text-align: start; widows: 2; -webkit-text-stroke-width: 0px; word-spacing: 0px;\">Le titre est unique pour toutes les \u00e9tapes du c\u00e9l\u00e8bre parcours de l\u2019Angleterre aux derni\u00e8res \u00e9tapes de la Via Francigena en Italie.<\/span><\/b><\/p>\n<p>En effet, il y a plus de 3.000 kilom\u00e8tres de la Via Francigena de Canterbury \u00e0 Rome et vers Santa Maria di Leuca.<span style=\"font-variant-ligatures: normal; font-variant-caps: normal; orphans: 2; text-align: start; widows: 2; -webkit-text-stroke-width: 0px; text-decoration-thickness: initial; text-decoration-style: initial; text-decoration-color: initial; float: none; word-spacing: 0px;\">\u00a0<\/span><span id=\"s2_2\" style=\"text-decoration-line: none !important; text-decoration-thickness: initial; text-decoration-style: initial; text-decoration-color: initial; font-variant-ligatures: normal; font-variant-caps: normal; orphans: 2; text-align: start; widows: 2; -webkit-text-stroke-width: 0px; word-spacing: 0px;\">Un parcours qui unit l\u2019Europe des peuples et des cultures, touchant cinq \u00c9tats.<\/span><span style=\"font-variant-ligatures: normal; font-variant-caps: normal; orphans: 2; text-align: start; widows: 2; -webkit-text-stroke-width: 0px; text-decoration-thickness: initial; text-decoration-style: initial; text-decoration-color: initial; float: none; word-spacing: 0px;\">\u00a0<\/span><span id=\"s2_3\" style=\"text-decoration-line: none !important; text-decoration-thickness: initial; text-decoration-style: initial; text-decoration-color: initial; font-variant-ligatures: normal; font-variant-caps: normal; orphans: 2; text-align: start; widows: 2; -webkit-text-stroke-width: 0px; word-spacing: 0px;\">La Via traverse le Kent, au Royaume-Uni;<\/span><span style=\"font-variant-ligatures: normal; font-variant-caps: normal; orphans: 2; text-align: start; widows: 2; -webkit-text-stroke-width: 0px; text-decoration-thickness: initial; text-decoration-style: initial; text-decoration-color: initial; float: none; word-spacing: 0px;\">\u00a0<\/span><span id=\"s2_4\" style=\"text-decoration-line: none !important; text-decoration-thickness: initial; text-decoration-style: initial; text-decoration-color: initial; font-variant-ligatures: normal; font-variant-caps: normal; orphans: 2; text-align: start; widows: 2; -webkit-text-stroke-width: 0px; word-spacing: 0px;\">les r\u00e9gions Haute-de-France, Grand Est et Bourgogne-Franche-Comt\u00e9, en France;<\/span><span style=\"font-variant-ligatures: normal; font-variant-caps: normal; orphans: 2; text-align: start; widows: 2; -webkit-text-stroke-width: 0px; text-decoration-thickness: initial; text-decoration-style: initial; text-decoration-color: initial; float: none; word-spacing: 0px;\">\u00a0<\/span><span id=\"s2_5\" style=\"text-decoration-line: none !important; text-decoration-thickness: initial; text-decoration-style: initial; text-decoration-color: initial; font-variant-ligatures: normal; font-variant-caps: normal; orphans: 2; text-align: start; widows: 2; -webkit-text-stroke-width: 0px; word-spacing: 0px;\">les cantons Vaud et Valais, en Suisse;<\/span><span style=\"font-variant-ligatures: normal; font-variant-caps: normal; orphans: 2; text-align: start; widows: 2; -webkit-text-stroke-width: 0px; text-decoration-thickness: initial; text-decoration-style: initial; text-decoration-color: initial; float: none; word-spacing: 0px;\">\u00a0<\/span><span id=\"s2_6\" style=\"text-decoration-line: none !important; text-decoration-thickness: initial; text-decoration-style: initial; text-decoration-color: initial; font-variant-ligatures: normal; font-variant-caps: normal; orphans: 2; text-align: start; widows: 2; -webkit-text-stroke-width: 0px; word-spacing: 0px;\">et les r\u00e9gions Val d\u2019Aoste, Pi\u00e9mont, Lombardie, Emilie-Romagne, Ligurie, Toscane, Latium, Campanie, Basilicate et Pouilles, en Italie et l\u2019\u00c9tat du Vatican \u00e0 Rome.<\/span><br style=\"font-variant-ligatures: normal; font-variant-caps: normal; orphans: 2; text-align: start; widows: 2; -webkit-text-stroke-width: 0px; text-decoration-thickness: initial; text-decoration-style: initial; text-decoration-color: initial; word-spacing: 0px;\" \/><br style=\"font-variant-ligatures: normal; font-variant-caps: normal; orphans: 2; text-align: start; widows: 2; -webkit-text-stroke-width: 0px; text-decoration-thickness: initial; text-decoration-style: initial; text-decoration-color: initial; word-spacing: 0px;\" \/><span id=\"s2_7\" style=\"text-decoration-line: none !important; text-decoration-thickness: initial; text-decoration-style: initial; text-decoration-color: initial; font-variant-ligatures: normal; font-variant-caps: normal; orphans: 2; text-align: start; widows: 2; -webkit-text-stroke-width: 0px; word-spacing: 0px;\">Nous recommandons l\u2019achat avec le Guide officiel de la Via Francigena.<\/span><span style=\"font-variant-ligatures: normal; font-variant-caps: normal; orphans: 2; text-align: start; widows: 2; -webkit-text-stroke-width: 0px; text-decoration-thickness: initial; text-decoration-style: initial; text-decoration-color: initial; float: none; word-spacing: 0px;\">\u00a0<\/span><span id=\"s2_8\" style=\"text-decoration-line: none !important; text-decoration-thickness: initial; text-decoration-style: initial; text-decoration-color: initial; font-variant-ligatures: normal; font-variant-caps: normal; orphans: 2; text-align: start; widows: 2; -webkit-text-stroke-width: 0px; word-spacing: 0px;\">Ils sont en effet les deux objets fondamentaux pour les marcheurs en voyage le long de la Via Francigena.<\/span><span style=\"font-variant-ligatures: normal; font-variant-caps: normal; orphans: 2; text-align: start; widows: 2; -webkit-text-stroke-width: 0px; text-decoration-thickness: initial; text-decoration-style: initial; text-decoration-color: initial; float: none; word-spacing: 0px;\">\u00a0<\/span><span id=\"s2_9\" style=\"text-decoration-line: none !important; text-decoration-thickness: initial; text-decoration-style: initial; text-decoration-color: initial; font-variant-ligatures: normal; font-variant-caps: normal; orphans: 2; text-align: start; widows: 2; -webkit-text-stroke-width: 0px; word-spacing: 0px;\">Les Kits Via Francigena sont disponibles avec Guide officiel en <a href=\"https:\/\/www.slowshop.eu\/fr\/?post_type=product&amp;p=3317\">Italien.<\/a><\/span><\/p>\n","protected":false},"excerpt":{"rendered":"<p>Le titre du p\u00e8lerin repr\u00e9sente le \u00ab\u00a0passeport du p\u00e8lerin\u00a0\u00bb.\u00a0Il atteste l\u2019identit\u00e9 et les motivations du voyageur et est un instrument indispensable pendant le chemin. Le titre est unique pour toutes les \u00e9tapes du c\u00e9l\u00e8bre parcours de l\u2019Angleterre aux derni\u00e8res \u00e9tapes de la Via Francigena en Italie.<\/p>\n","protected":false},"featured_media":24175,"template":"","meta":{"_monsterinsights_skip_tracking":false,"_monsterinsights_sitenote_active":false,"_monsterinsights_sitenote_note":"","_monsterinsights_sitenote_category":0},"product_brand":[],"product_cat":[103,108],"product_tag":[156,120],"class_list":{"0":"post-2337","1":"product","2":"type-product","3":"status-publish","4":"has-post-thumbnail","6":"product_cat-guides-et-passeport-pelerin","7":"product_cat-via-francigena-fr","8":"product_tag-credenziali-fr","9":"product_tag-via-francigena-fr","10":"tm-no-options","12":"first","13":"instock","14":"taxable","15":"shipping-taxable","16":"purchasable","17":"product-type-simple"},"bundle_layout":"","bundle_add_to_cart_form_location":"","bundle_editable_in_cart":false,"bundle_sold_individually_context":"","bundle_item_grouping":"","bundle_min_size":"","bundle_max_size":"","bundled_by":["3949","3984","4111","4116","4660","7348"],"bundled_items":[],"yoast_head":"<!-- This site is optimized with the Yoast SEO plugin v26.2 - https:\/\/yoast.com\/wordpress\/plugins\/seo\/ -->\n<title>Passeport du P\u00e8lerin Via Francigena - Slowshop<\/title>\n<meta name=\"description\" content=\"L&#039;accr\u00e9ditation du p\u00e8lerin est le document principal pour le p\u00e8lerin. Il repr\u00e9sente le \u00ab passeport du p\u00e8lerin \u00bb, certifiant l&#039;identit\u00e9 et les motivations.\" \/>\n<meta name=\"robots\" content=\"index, follow, max-snippet:-1, max-image-preview:large, max-video-preview:-1\" \/>\n<link rel=\"canonical\" href=\"https:\/\/www.slowshop.eu\/fr\/produit\/passeport-du-pelerin-via-francigena\/\" \/>\n<meta property=\"og:locale\" content=\"fr_FR\" \/>\n<meta property=\"og:type\" content=\"article\" \/>\n<meta property=\"og:title\" content=\"Passeport du P\u00e8lerin Via Francigena - Slowshop\" \/>\n<meta property=\"og:description\" content=\"L&#039;accr\u00e9ditation du p\u00e8lerin est le document principal pour le p\u00e8lerin. Il repr\u00e9sente le \u00ab passeport du p\u00e8lerin \u00bb, certifiant l&#039;identit\u00e9 et les motivations.\" \/>\n<meta property=\"og:url\" content=\"https:\/\/www.slowshop.eu\/fr\/produit\/passeport-du-pelerin-via-francigena\/\" \/>\n<meta property=\"og:site_name\" content=\"Slowshop\" \/>\n<meta property=\"article:modified_time\" content=\"2026-04-14T15:02:13+00:00\" \/>\n<meta property=\"og:image\" content=\"https:\/\/www.slowshop.eu\/wp-content\/uploads\/2021\/05\/1.png\" \/>\n\t<meta property=\"og:image:width\" content=\"600\" \/>\n\t<meta property=\"og:image:height\" content=\"750\" \/>\n\t<meta property=\"og:image:type\" content=\"image\/png\" \/>\n<meta name=\"twitter:card\" content=\"summary_large_image\" \/>\n<meta name=\"twitter:label1\" content=\"Dur\u00e9e de lecture estim\u00e9e\" \/>\n\t<meta name=\"twitter:data1\" content=\"2 minutes\" \/>\n<script type=\"application\/ld+json\" class=\"yoast-schema-graph\">{\"@context\":\"https:\/\/schema.org\",\"@graph\":[{\"@type\":\"WebPage\",\"@id\":\"https:\/\/www.slowshop.eu\/fr\/produit\/passeport-du-pelerin-via-francigena\/\",\"url\":\"https:\/\/www.slowshop.eu\/fr\/produit\/passeport-du-pelerin-via-francigena\/\",\"name\":\"Passeport du P\u00e8lerin Via Francigena - Slowshop\",\"isPartOf\":{\"@id\":\"https:\/\/www.slowshop.eu\/fr\/#website\"},\"primaryImageOfPage\":{\"@id\":\"https:\/\/www.slowshop.eu\/fr\/produit\/passeport-du-pelerin-via-francigena\/#primaryimage\"},\"image\":{\"@id\":\"https:\/\/www.slowshop.eu\/fr\/produit\/passeport-du-pelerin-via-francigena\/#primaryimage\"},\"thumbnailUrl\":\"https:\/\/www.slowshop.eu\/wp-content\/uploads\/2021\/05\/credenziale-vf.jpg\",\"datePublished\":\"2021-05-11T12:40:26+00:00\",\"dateModified\":\"2026-04-14T15:02:13+00:00\",\"description\":\"L'accr\u00e9ditation du p\u00e8lerin est le document principal pour le p\u00e8lerin. Il repr\u00e9sente le \u00ab passeport du p\u00e8lerin \u00bb, certifiant l'identit\u00e9 et les motivations.\",\"breadcrumb\":{\"@id\":\"https:\/\/www.slowshop.eu\/fr\/produit\/passeport-du-pelerin-via-francigena\/#breadcrumb\"},\"inLanguage\":\"fr-FR\",\"potentialAction\":[{\"@type\":\"ReadAction\",\"target\":[\"https:\/\/www.slowshop.eu\/fr\/produit\/passeport-du-pelerin-via-francigena\/\"]}]},{\"@type\":\"ImageObject\",\"inLanguage\":\"fr-FR\",\"@id\":\"https:\/\/www.slowshop.eu\/fr\/produit\/passeport-du-pelerin-via-francigena\/#primaryimage\",\"url\":\"https:\/\/www.slowshop.eu\/wp-content\/uploads\/2021\/05\/credenziale-vf.jpg\",\"contentUrl\":\"https:\/\/www.slowshop.eu\/wp-content\/uploads\/2021\/05\/credenziale-vf.jpg\",\"width\":600,\"height\":750,\"caption\":\"credenziale del pellegrino via francigena\"},{\"@type\":\"BreadcrumbList\",\"@id\":\"https:\/\/www.slowshop.eu\/fr\/produit\/passeport-du-pelerin-via-francigena\/#breadcrumb\",\"itemListElement\":[{\"@type\":\"ListItem\",\"position\":1,\"name\":\"Home\",\"item\":\"https:\/\/www.slowshop.eu\/fr\/\"},{\"@type\":\"ListItem\",\"position\":2,\"name\":\"Catalogue\",\"item\":\"https:\/\/www.slowshop.eu\/fr\/catalogue\/\"},{\"@type\":\"ListItem\",\"position\":3,\"name\":\"Passeport du P\u00e8lerin Via Francigena\"}]},{\"@type\":\"WebSite\",\"@id\":\"https:\/\/www.slowshop.eu\/fr\/#website\",\"url\":\"https:\/\/www.slowshop.eu\/fr\/\",\"name\":\"SlowShop\",\"description\":\"Vie Francigene Shop\",\"publisher\":{\"@id\":\"https:\/\/www.slowshop.eu\/fr\/#organization\"},\"potentialAction\":[{\"@type\":\"SearchAction\",\"target\":{\"@type\":\"EntryPoint\",\"urlTemplate\":\"https:\/\/www.slowshop.eu\/fr\/?s={search_term_string}\"},\"query-input\":{\"@type\":\"PropertyValueSpecification\",\"valueRequired\":true,\"valueName\":\"search_term_string\"}}],\"inLanguage\":\"fr-FR\"},{\"@type\":\"Organization\",\"@id\":\"https:\/\/www.slowshop.eu\/fr\/#organization\",\"name\":\"SlowShop\",\"url\":\"https:\/\/www.slowshop.eu\/fr\/\",\"logo\":{\"@type\":\"ImageObject\",\"inLanguage\":\"fr-FR\",\"@id\":\"https:\/\/www.slowshop.eu\/fr\/#\/schema\/logo\/image\/\",\"url\":\"https:\/\/www.slowshop.eu\/wp-content\/uploads\/2024\/07\/cropped-immagine-1.png\",\"contentUrl\":\"https:\/\/www.slowshop.eu\/wp-content\/uploads\/2024\/07\/cropped-immagine-1.png\",\"width\":512,\"height\":512,\"caption\":\"SlowShop\"},\"image\":{\"@id\":\"https:\/\/www.slowshop.eu\/fr\/#\/schema\/logo\/image\/\"}}]}<\/script>\n<!-- \/ Yoast SEO plugin. -->","yoast_head_json":{"title":"Passeport du P\u00e8lerin Via Francigena - Slowshop","description":"L'accr\u00e9ditation du p\u00e8lerin est le document principal pour le p\u00e8lerin. Il repr\u00e9sente le \u00ab passeport du p\u00e8lerin \u00bb, certifiant l'identit\u00e9 et les motivations.","robots":{"index":"index","follow":"follow","max-snippet":"max-snippet:-1","max-image-preview":"max-image-preview:large","max-video-preview":"max-video-preview:-1"},"canonical":"https:\/\/www.slowshop.eu\/fr\/produit\/passeport-du-pelerin-via-francigena\/","og_locale":"fr_FR","og_type":"article","og_title":"Passeport du P\u00e8lerin Via Francigena - Slowshop","og_description":"L'accr\u00e9ditation du p\u00e8lerin est le document principal pour le p\u00e8lerin. Il repr\u00e9sente le \u00ab passeport du p\u00e8lerin \u00bb, certifiant l'identit\u00e9 et les motivations.","og_url":"https:\/\/www.slowshop.eu\/fr\/produit\/passeport-du-pelerin-via-francigena\/","og_site_name":"Slowshop","article_modified_time":"2026-04-14T15:02:13+00:00","og_image":[{"width":600,"height":750,"url":"https:\/\/www.slowshop.eu\/wp-content\/uploads\/2021\/05\/1.png","type":"image\/png"}],"twitter_card":"summary_large_image","twitter_misc":{"Dur\u00e9e de lecture estim\u00e9e":"2 minutes"},"schema":{"@context":"https:\/\/schema.org","@graph":[{"@type":"WebPage","@id":"https:\/\/www.slowshop.eu\/fr\/produit\/passeport-du-pelerin-via-francigena\/","url":"https:\/\/www.slowshop.eu\/fr\/produit\/passeport-du-pelerin-via-francigena\/","name":"Passeport du P\u00e8lerin Via Francigena - Slowshop","isPartOf":{"@id":"https:\/\/www.slowshop.eu\/fr\/#website"},"primaryImageOfPage":{"@id":"https:\/\/www.slowshop.eu\/fr\/produit\/passeport-du-pelerin-via-francigena\/#primaryimage"},"image":{"@id":"https:\/\/www.slowshop.eu\/fr\/produit\/passeport-du-pelerin-via-francigena\/#primaryimage"},"thumbnailUrl":"https:\/\/www.slowshop.eu\/wp-content\/uploads\/2021\/05\/credenziale-vf.jpg","datePublished":"2021-05-11T12:40:26+00:00","dateModified":"2026-04-14T15:02:13+00:00","description":"L'accr\u00e9ditation du p\u00e8lerin est le document principal pour le p\u00e8lerin. Il repr\u00e9sente le \u00ab passeport du p\u00e8lerin \u00bb, certifiant l'identit\u00e9 et les motivations.","breadcrumb":{"@id":"https:\/\/www.slowshop.eu\/fr\/produit\/passeport-du-pelerin-via-francigena\/#breadcrumb"},"inLanguage":"fr-FR","potentialAction":[{"@type":"ReadAction","target":["https:\/\/www.slowshop.eu\/fr\/produit\/passeport-du-pelerin-via-francigena\/"]}]},{"@type":"ImageObject","inLanguage":"fr-FR","@id":"https:\/\/www.slowshop.eu\/fr\/produit\/passeport-du-pelerin-via-francigena\/#primaryimage","url":"https:\/\/www.slowshop.eu\/wp-content\/uploads\/2021\/05\/credenziale-vf.jpg","contentUrl":"https:\/\/www.slowshop.eu\/wp-content\/uploads\/2021\/05\/credenziale-vf.jpg","width":600,"height":750,"caption":"credenziale del pellegrino via francigena"},{"@type":"BreadcrumbList","@id":"https:\/\/www.slowshop.eu\/fr\/produit\/passeport-du-pelerin-via-francigena\/#breadcrumb","itemListElement":[{"@type":"ListItem","position":1,"name":"Home","item":"https:\/\/www.slowshop.eu\/fr\/"},{"@type":"ListItem","position":2,"name":"Catalogue","item":"https:\/\/www.slowshop.eu\/fr\/catalogue\/"},{"@type":"ListItem","position":3,"name":"Passeport du P\u00e8lerin Via Francigena"}]},{"@type":"WebSite","@id":"https:\/\/www.slowshop.eu\/fr\/#website","url":"https:\/\/www.slowshop.eu\/fr\/","name":"SlowShop","description":"Vie Francigene Shop","publisher":{"@id":"https:\/\/www.slowshop.eu\/fr\/#organization"},"potentialAction":[{"@type":"SearchAction","target":{"@type":"EntryPoint","urlTemplate":"https:\/\/www.slowshop.eu\/fr\/?s={search_term_string}"},"query-input":{"@type":"PropertyValueSpecification","valueRequired":true,"valueName":"search_term_string"}}],"inLanguage":"fr-FR"},{"@type":"Organization","@id":"https:\/\/www.slowshop.eu\/fr\/#organization","name":"SlowShop","url":"https:\/\/www.slowshop.eu\/fr\/","logo":{"@type":"ImageObject","inLanguage":"fr-FR","@id":"https:\/\/www.slowshop.eu\/fr\/#\/schema\/logo\/image\/","url":"https:\/\/www.slowshop.eu\/wp-content\/uploads\/2024\/07\/cropped-immagine-1.png","contentUrl":"https:\/\/www.slowshop.eu\/wp-content\/uploads\/2024\/07\/cropped-immagine-1.png","width":512,"height":512,"caption":"SlowShop"},"image":{"@id":"https:\/\/www.slowshop.eu\/fr\/#\/schema\/logo\/image\/"}}]}},"_links":{"self":[{"href":"https:\/\/www.slowshop.eu\/fr\/wp-json\/wp\/v2\/product\/2337","targetHints":{"allow":["GET"]}}],"collection":[{"href":"https:\/\/www.slowshop.eu\/fr\/wp-json\/wp\/v2\/product"}],"about":[{"href":"https:\/\/www.slowshop.eu\/fr\/wp-json\/wp\/v2\/types\/product"}],"wp:featuredmedia":[{"embeddable":true,"href":"https:\/\/www.slowshop.eu\/fr\/wp-json\/wp\/v2\/media\/24175"}],"wp:attachment":[{"href":"https:\/\/www.slowshop.eu\/fr\/wp-json\/wp\/v2\/media?parent=2337"}],"wp:term":[{"taxonomy":"product_brand","embeddable":true,"href":"https:\/\/www.slowshop.eu\/fr\/wp-json\/wp\/v2\/product_brand?post=2337"},{"taxonomy":"product_cat","embeddable":true,"href":"https:\/\/www.slowshop.eu\/fr\/wp-json\/wp\/v2\/product_cat?post=2337"},{"taxonomy":"product_tag","embeddable":true,"href":"https:\/\/www.slowshop.eu\/fr\/wp-json\/wp\/v2\/product_tag?post=2337"}],"curies":[{"name":"wp","href":"https:\/\/api.w.org\/{rel}","templated":true}]}}